{"id":15989,"date":"2026-04-30T13:22:20","date_gmt":"2026-04-30T11:22:20","guid":{"rendered":"https:\/\/romeinternational.it\/it\/?post_type=mec-events&#038;p=15989"},"modified":"2026-04-30T13:28:23","modified_gmt":"2026-04-30T11:28:23","slug":"2-roma-regeneration-forum-visione-e-futuro-della-capitale","status":"publish","type":"mec-events","link":"https:\/\/romeinternational.it\/it\/eventi\/2-roma-regeneration-forum-visione-e-futuro-della-capitale\/","title":{"rendered":"2\u00b0 Roma REgeneration FORUM: visione e futuro della Capitale"},"content":{"rendered":"\n<figure class=\"wp-block-image size-large\"><img loading=\"lazy\" decoding=\"async\" width=\"880\" height=\"800\" src=\"https:\/\/romeinternational.it\/it\/wp-content\/uploads\/2026\/04\/WhatsApp-Image-2026-04-30-at-11.50.58-2-880x800.jpeg\" alt=\"\" class=\"wp-image-15990\" srcset=\"https:\/\/romeinternational.it\/it\/wp-content\/uploads\/2026\/04\/WhatsApp-Image-2026-04-30-at-11.50.58-2-880x800.jpeg 880w, https:\/\/romeinternational.it\/it\/wp-content\/uploads\/2026\/04\/WhatsApp-Image-2026-04-30-at-11.50.58-2-440x400.jpeg 440w, https:\/\/romeinternational.it\/it\/wp-content\/uploads\/2026\/04\/WhatsApp-Image-2026-04-30-at-11.50.58-2-768x698.jpeg 768w, https:\/\/romeinternational.it\/it\/wp-content\/uploads\/2026\/04\/WhatsApp-Image-2026-04-30-at-11.50.58-2-1536x1396.jpeg 1536w, https:\/\/romeinternational.it\/it\/wp-content\/uploads\/2026\/04\/WhatsApp-Image-2026-04-30-at-11.50.58-2.jpeg 2048w\" sizes=\"auto, (max-width: 880px) 100vw, 880px\" \/><\/figure>\n\n\n\n<p>Il 19 maggio 2026, la citt\u00e0 di Roma ospita il 2\u00b0 Roma REgeneration FORUM, l&#8217;evento istituzionale di riferimento promosso dalla Fondazione. A seguito del successo della prima edizione, che ha visto la partecipazione di oltre 1.150 persone e la presenza delle massime cariche istituzionali \u2014 tra cui il Sindaco di Roma, Roberto Gualtieri, e il Presidente della Regione Lazio, Francesco Rocca \u2014 questa seconda edizione si propone come momento di presentazione dei risultati raggiunti dalla Fondazione e di confronto diretto sulla visione futura della Capitale.<\/p>\n\n\n\n<p>La giornata sar\u00e0 dedicata all&#8217;approfondimento di temi strategici legati allo sviluppo urbano, all&#8217;innovazione e alle prospettive economiche, confermando tali argomenti come fulcro delle attivit\u00e0 istituzionali della Fondazione. Sar\u00e0 un&#8217;occasione unica per testimoniare il pi\u00f9 grande evento della Fondazione, favorendo il dialogo tra Istituzioni, mondo economico e comunit\u00e0 locale.<\/p>\n\n\n\n<p><strong>Dettagli tecnici:<\/strong><\/p>\n\n\n\n<ul class=\"wp-block-list\">\n<li><strong>Data:<\/strong>&nbsp;19 maggio 2026<\/li>\n\n\n\n<li><strong>Orario:<\/strong>&nbsp;09:30<\/li>\n\n\n\n<li><strong>Luogo:<\/strong>&nbsp;Auditorium della Tecnica Confindustria, Viale Umberto Tupini, 65, Roma<\/li>\n\n\n\n<li><strong>Registrazione:<\/strong>&nbsp;Per partecipare all&#8217;evento, \u00e8 necessario effettuare l&#8217;iscrizione cliccando al seguente link:&nbsp;<a href=\"https:\/\/event.romaregeneration.it\/\" target=\"_blank\" rel=\"noreferrer noopener\">Iscriviti all&#8217;evento<\/a>.<\/li>\n<\/ul>\n","protected":false},"excerpt":{"rendered":"<p>Il 19 maggio 2026, la citt\u00e0 di Roma ospita il 2\u00b0 Roma REgeneration FORUM, l&#8217;evento istituzionale di riferimento promosso dalla Fondazione. A seguito del successo della prima edizione, che ha visto la partecipazione di oltre 1.150 persone e la presenza delle massime cariche istituzionali \u2014 tra cui il Sindaco di Roma, Roberto Gualtieri, e il [&#8230;]\n","protected":false},"author":1,"featured_media":0,"comment_status":"closed","ping_status":"closed","template":"","tags":[20,2516,2513],"mec_category":[9],"class_list":["post-15989","mec-events","type-mec-events","status-publish","hentry","tag-copertina","tag-romaregenerationforum","tag-sviluppo-urbano","mec_category-convegni"],"yoast_head":"<!-- This site is optimized with the Yoast SEO plugin v27.3 - https:\/\/yoast.com\/product\/yoast-seo-wordpress\/ -->\n<title>2\u00b0 Roma REgeneration FORUM: visione e futuro della Capitale - Rome International<\/title>\n<meta name=\"description\" content=\"Il 19 maggio 2026 torna il 2\u00b0 Roma REgeneration FORUM all&#039;Auditorium della Tecnica. Un&#039;occasione per discutere la visione e il futuro di Roma con leader e istituzioni\" \/>\n<meta name=\"robots\" content=\"index, follow, max-snippet:-1, max-image-preview:large, max-video-preview:-1\" \/>\n<link rel=\"canonical\" href=\"https:\/\/romeinternational.it\/it\/eventi\/2-roma-regeneration-forum-visione-e-futuro-della-capitale\/\" \/>\n<meta property=\"og:locale\" content=\"it_IT\" \/>\n<meta property=\"og:type\" content=\"article\" \/>\n<meta property=\"og:title\" content=\"2\u00b0 Roma REgeneration FORUM: visione e futuro della Capitale - Rome International\" \/>\n<meta property=\"og:description\" content=\"Il 19 maggio 2026 torna il 2\u00b0 Roma REgeneration FORUM all&#039;Auditorium della Tecnica. Un&#039;occasione per discutere la visione e il futuro di Roma con leader e istituzioni\" \/>\n<meta property=\"og:url\" content=\"https:\/\/romeinternational.it\/it\/eventi\/2-roma-regeneration-forum-visione-e-futuro-della-capitale\/\" \/>\n<meta property=\"og:site_name\" content=\"Rome International\" \/>\n<meta property=\"article:modified_time\" content=\"2026-04-30T11:28:23+00:00\" \/>\n<meta property=\"og:image\" content=\"https:\/\/romeinternational.it\/it\/wp-content\/uploads\/2026\/04\/WhatsApp-Image-2026-04-30-at-11.50.58-2-880x800.jpeg\" \/>\n<meta name=\"twitter:card\" content=\"summary_large_image\" \/>\n<meta name=\"twitter:label1\" content=\"Tempo di lettura stimato\" \/>\n\t<meta name=\"twitter:data1\" content=\"2 minuti\" \/>\n<script type=\"application\/ld+json\" class=\"yoast-schema-graph\">{\"@context\":\"https:\\\/\\\/schema.org\",\"@graph\":[{\"@type\":\"WebPage\",\"@id\":\"https:\\\/\\\/romeinternational.it\\\/it\\\/eventi\\\/2-roma-regeneration-forum-visione-e-futuro-della-capitale\\\/\",\"url\":\"https:\\\/\\\/romeinternational.it\\\/it\\\/eventi\\\/2-roma-regeneration-forum-visione-e-futuro-della-capitale\\\/\",\"name\":\"2\u00b0 Roma REgeneration FORUM: visione e futuro della Capitale - Rome International\",\"isPartOf\":{\"@id\":\"https:\\\/\\\/romeinternational.it\\\/it\\\/#website\"},\"primaryImageOfPage\":{\"@id\":\"https:\\\/\\\/romeinternational.it\\\/it\\\/eventi\\\/2-roma-regeneration-forum-visione-e-futuro-della-capitale\\\/#primaryimage\"},\"image\":{\"@id\":\"https:\\\/\\\/romeinternational.it\\\/it\\\/eventi\\\/2-roma-regeneration-forum-visione-e-futuro-della-capitale\\\/#primaryimage\"},\"thumbnailUrl\":\"https:\\\/\\\/romeinternational.it\\\/it\\\/wp-content\\\/uploads\\\/2026\\\/04\\\/WhatsApp-Image-2026-04-30-at-11.50.58-2-880x800.jpeg\",\"datePublished\":\"2026-04-30T11:22:20+00:00\",\"dateModified\":\"2026-04-30T11:28:23+00:00\",\"description\":\"Il 19 maggio 2026 torna il 2\u00b0 Roma REgeneration FORUM all'Auditorium della Tecnica. Un'occasione per discutere la visione e il futuro di Roma con leader e istituzioni\",\"breadcrumb\":{\"@id\":\"https:\\\/\\\/romeinternational.it\\\/it\\\/eventi\\\/2-roma-regeneration-forum-visione-e-futuro-della-capitale\\\/#breadcrumb\"},\"inLanguage\":\"it-IT\",\"potentialAction\":[{\"@type\":\"ReadAction\",\"target\":[\"https:\\\/\\\/romeinternational.it\\\/it\\\/eventi\\\/2-roma-regeneration-forum-visione-e-futuro-della-capitale\\\/\"]}]},{\"@type\":\"ImageObject\",\"inLanguage\":\"it-IT\",\"@id\":\"https:\\\/\\\/romeinternational.it\\\/it\\\/eventi\\\/2-roma-regeneration-forum-visione-e-futuro-della-capitale\\\/#primaryimage\",\"url\":\"https:\\\/\\\/romeinternational.it\\\/it\\\/wp-content\\\/uploads\\\/2026\\\/04\\\/WhatsApp-Image-2026-04-30-at-11.50.58-2-880x800.jpeg\",\"contentUrl\":\"https:\\\/\\\/romeinternational.it\\\/it\\\/wp-content\\\/uploads\\\/2026\\\/04\\\/WhatsApp-Image-2026-04-30-at-11.50.58-2-880x800.jpeg\"},{\"@type\":\"BreadcrumbList\",\"@id\":\"https:\\\/\\\/romeinternational.it\\\/it\\\/eventi\\\/2-roma-regeneration-forum-visione-e-futuro-della-capitale\\\/#breadcrumb\",\"itemListElement\":[{\"@type\":\"ListItem\",\"position\":1,\"name\":\"Home\",\"item\":\"https:\\\/\\\/romeinternational.it\\\/it\\\/\"},{\"@type\":\"ListItem\",\"position\":2,\"name\":\"Eventi\",\"item\":\"https:\\\/\\\/romeinternational.it\\\/it\\\/eventi\\\/\"},{\"@type\":\"ListItem\",\"position\":3,\"name\":\"2\u00b0 Roma REgeneration FORUM: visione e futuro della Capitale\"}]},{\"@type\":\"WebSite\",\"@id\":\"https:\\\/\\\/romeinternational.it\\\/it\\\/#website\",\"url\":\"https:\\\/\\\/romeinternational.it\\\/it\\\/\",\"name\":\"Rome International\",\"description\":\"La guida agli eventi nella capitale\",\"publisher\":{\"@id\":\"https:\\\/\\\/romeinternational.it\\\/it\\\/#organization\"},\"potentialAction\":[{\"@type\":\"SearchAction\",\"target\":{\"@type\":\"EntryPoint\",\"urlTemplate\":\"https:\\\/\\\/romeinternational.it\\\/it\\\/?s={search_term_string}\"},\"query-input\":{\"@type\":\"PropertyValueSpecification\",\"valueRequired\":true,\"valueName\":\"search_term_string\"}}],\"inLanguage\":\"it-IT\"},{\"@type\":\"Organization\",\"@id\":\"https:\\\/\\\/romeinternational.it\\\/it\\\/#organization\",\"name\":\"Planet Diplomacy srls\",\"url\":\"https:\\\/\\\/romeinternational.it\\\/it\\\/\",\"logo\":{\"@type\":\"ImageObject\",\"inLanguage\":\"it-IT\",\"@id\":\"https:\\\/\\\/romeinternational.it\\\/it\\\/#\\\/schema\\\/logo\\\/image\\\/\",\"url\":\"https:\\\/\\\/romeinternational.it\\\/it\\\/wp-content\\\/uploads\\\/2021\\\/09\\\/Rome-Int-1440-1.png\",\"contentUrl\":\"https:\\\/\\\/romeinternational.it\\\/it\\\/wp-content\\\/uploads\\\/2021\\\/09\\\/Rome-Int-1440-1.png\",\"width\":1440,\"height\":270,\"caption\":\"Planet Diplomacy srls\"},\"image\":{\"@id\":\"https:\\\/\\\/romeinternational.it\\\/it\\\/#\\\/schema\\\/logo\\\/image\\\/\"}}]}<\/script>\n<!-- \/ Yoast SEO plugin. -->","yoast_head_json":{"title":"2\u00b0 Roma REgeneration FORUM: visione e futuro della Capitale - Rome International","description":"Il 19 maggio 2026 torna il 2\u00b0 Roma REgeneration FORUM all'Auditorium della Tecnica. Un'occasione per discutere la visione e il futuro di Roma con leader e istituzioni","robots":{"index":"index","follow":"follow","max-snippet":"max-snippet:-1","max-image-preview":"max-image-preview:large","max-video-preview":"max-video-preview:-1"},"canonical":"https:\/\/romeinternational.it\/it\/eventi\/2-roma-regeneration-forum-visione-e-futuro-della-capitale\/","og_locale":"it_IT","og_type":"article","og_title":"2\u00b0 Roma REgeneration FORUM: visione e futuro della Capitale - Rome International","og_description":"Il 19 maggio 2026 torna il 2\u00b0 Roma REgeneration FORUM all'Auditorium della Tecnica. Un'occasione per discutere la visione e il futuro di Roma con leader e istituzioni","og_url":"https:\/\/romeinternational.it\/it\/eventi\/2-roma-regeneration-forum-visione-e-futuro-della-capitale\/","og_site_name":"Rome International","article_modified_time":"2026-04-30T11:28:23+00:00","og_image":[{"url":"https:\/\/romeinternational.it\/it\/wp-content\/uploads\/2026\/04\/WhatsApp-Image-2026-04-30-at-11.50.58-2-880x800.jpeg","type":"","width":"","height":""}],"twitter_card":"summary_large_image","twitter_misc":{"Tempo di lettura stimato":"2 minuti"},"schema":{"@context":"https:\/\/schema.org","@graph":[{"@type":"WebPage","@id":"https:\/\/romeinternational.it\/it\/eventi\/2-roma-regeneration-forum-visione-e-futuro-della-capitale\/","url":"https:\/\/romeinternational.it\/it\/eventi\/2-roma-regeneration-forum-visione-e-futuro-della-capitale\/","name":"2\u00b0 Roma REgeneration FORUM: visione e futuro della Capitale - Rome International","isPartOf":{"@id":"https:\/\/romeinternational.it\/it\/#website"},"primaryImageOfPage":{"@id":"https:\/\/romeinternational.it\/it\/eventi\/2-roma-regeneration-forum-visione-e-futuro-della-capitale\/#primaryimage"},"image":{"@id":"https:\/\/romeinternational.it\/it\/eventi\/2-roma-regeneration-forum-visione-e-futuro-della-capitale\/#primaryimage"},"thumbnailUrl":"https:\/\/romeinternational.it\/it\/wp-content\/uploads\/2026\/04\/WhatsApp-Image-2026-04-30-at-11.50.58-2-880x800.jpeg","datePublished":"2026-04-30T11:22:20+00:00","dateModified":"2026-04-30T11:28:23+00:00","description":"Il 19 maggio 2026 torna il 2\u00b0 Roma REgeneration FORUM all'Auditorium della Tecnica. Un'occasione per discutere la visione e il futuro di Roma con leader e istituzioni","breadcrumb":{"@id":"https:\/\/romeinternational.it\/it\/eventi\/2-roma-regeneration-forum-visione-e-futuro-della-capitale\/#breadcrumb"},"inLanguage":"it-IT","potentialAction":[{"@type":"ReadAction","target":["https:\/\/romeinternational.it\/it\/eventi\/2-roma-regeneration-forum-visione-e-futuro-della-capitale\/"]}]},{"@type":"ImageObject","inLanguage":"it-IT","@id":"https:\/\/romeinternational.it\/it\/eventi\/2-roma-regeneration-forum-visione-e-futuro-della-capitale\/#primaryimage","url":"https:\/\/romeinternational.it\/it\/wp-content\/uploads\/2026\/04\/WhatsApp-Image-2026-04-30-at-11.50.58-2-880x800.jpeg","contentUrl":"https:\/\/romeinternational.it\/it\/wp-content\/uploads\/2026\/04\/WhatsApp-Image-2026-04-30-at-11.50.58-2-880x800.jpeg"},{"@type":"BreadcrumbList","@id":"https:\/\/romeinternational.it\/it\/eventi\/2-roma-regeneration-forum-visione-e-futuro-della-capitale\/#breadcrumb","itemListElement":[{"@type":"ListItem","position":1,"name":"Home","item":"https:\/\/romeinternational.it\/it\/"},{"@type":"ListItem","position":2,"name":"Eventi","item":"https:\/\/romeinternational.it\/it\/eventi\/"},{"@type":"ListItem","position":3,"name":"2\u00b0 Roma REgeneration FORUM: visione e futuro della Capitale"}]},{"@type":"WebSite","@id":"https:\/\/romeinternational.it\/it\/#website","url":"https:\/\/romeinternational.it\/it\/","name":"Rome International","description":"La guida agli eventi nella capitale","publisher":{"@id":"https:\/\/romeinternational.it\/it\/#organization"},"potentialAction":[{"@type":"SearchAction","target":{"@type":"EntryPoint","urlTemplate":"https:\/\/romeinternational.it\/it\/?s={search_term_string}"},"query-input":{"@type":"PropertyValueSpecification","valueRequired":true,"valueName":"search_term_string"}}],"inLanguage":"it-IT"},{"@type":"Organization","@id":"https:\/\/romeinternational.it\/it\/#organization","name":"Planet Diplomacy srls","url":"https:\/\/romeinternational.it\/it\/","logo":{"@type":"ImageObject","inLanguage":"it-IT","@id":"https:\/\/romeinternational.it\/it\/#\/schema\/logo\/image\/","url":"https:\/\/romeinternational.it\/it\/wp-content\/uploads\/2021\/09\/Rome-Int-1440-1.png","contentUrl":"https:\/\/romeinternational.it\/it\/wp-content\/uploads\/2021\/09\/Rome-Int-1440-1.png","width":1440,"height":270,"caption":"Planet Diplomacy srls"},"image":{"@id":"https:\/\/romeinternational.it\/it\/#\/schema\/logo\/image\/"}}]}},"_links":{"self":[{"href":"https:\/\/romeinternational.it\/it\/wp-json\/wp\/v2\/mec-events\/15989","targetHints":{"allow":["GET"]}}],"collection":[{"href":"https:\/\/romeinternational.it\/it\/wp-json\/wp\/v2\/mec-events"}],"about":[{"href":"https:\/\/romeinternational.it\/it\/wp-json\/wp\/v2\/types\/mec-events"}],"author":[{"embeddable":true,"href":"https:\/\/romeinternational.it\/it\/wp-json\/wp\/v2\/users\/1"}],"replies":[{"embeddable":true,"href":"https:\/\/romeinternational.it\/it\/wp-json\/wp\/v2\/comments?post=15989"}],"wp:attachment":[{"href":"https:\/\/romeinternational.it\/it\/wp-json\/wp\/v2\/media?parent=15989"}],"wp:term":[{"taxonomy":"post_tag","embeddable":true,"href":"https:\/\/romeinternational.it\/it\/wp-json\/wp\/v2\/tags?post=15989"},{"taxonomy":"mec_category","embeddable":true,"href":"https:\/\/romeinternational.it\/it\/wp-json\/wp\/v2\/mec_category?post=15989"}],"curies":[{"name":"wp","href":"https:\/\/api.w.org\/{rel}","templated":true}]}}